{"id":19472,"date":"2026-09-04T11:22:22","date_gmt":"2026-09-04T14:22:22","guid":{"rendered":"https:\/\/libreriaguadalupe.com.ar\/libreria\/?post_type=product&#038;p=19472"},"modified":"2026-09-04T11:46:27","modified_gmt":"2026-09-04T14:46:27","slug":"argentina-despierta","status":"publish","type":"product","link":"https:\/\/libreriaguadalupe.com.ar\/libreria\/producto\/argentina-despierta\/","title":{"rendered":"\u00ab\u00a1Argentina Despierta!\u00bb"},"content":{"rendered":"<h2>\u00a1ARGENTINA, DESPIERTA!<\/h2>\n<p>Ante la pr\u00f3xima visita del Santo Padre Le\u00f3n XIV a la Argentina, <strong>\u00a1Argentina, despierta!<\/strong> nace como una invitaci\u00f3n a prepararnos para recibir al Sucesor de Pedro con una disposici\u00f3n que vaya m\u00e1s all\u00e1 de la expectativa por un acontecimiento p\u00fablico.<\/p>\n<p>Leonardo Legr\u00e1s propone en estas p\u00e1ginas una preparaci\u00f3n de la inteligencia y del coraz\u00f3n. El punto de partida es una convicci\u00f3n clara: quien llega no es un l\u00edder temporal en busca de adhesiones o protagonismo pol\u00edtico, sino el <strong>Vicario de Cristo<\/strong>, llamado a confirmar en la fe a la Iglesia y a anunciar el Evangelio en medio de las situaciones concretas que atraviesa nuestro pa\u00eds.<\/p>\n<p>El t\u00edtulo expresa el tono de toda la obra: <strong>\u00a1Argentina, despierta!<\/strong> Es un llamado dirigido a una naci\u00f3n herida por divisiones, dificultades y desencuentros, pero que conserva una profunda tradici\u00f3n cristiana y puede volver a mirar su realidad desde la esperanza puesta en Cristo.<\/p>\n<p>La visita del Papa se convierte as\u00ed en la ocasi\u00f3n para preguntarnos c\u00f3mo estamos viviendo nuestra fe, qu\u00e9 lugar ocupa el Evangelio en nuestra vida personal y social y con qu\u00e9 coraz\u00f3n queremos recibir al Santo Padre. Legr\u00e1s conduce esta reflexi\u00f3n hacia una referencia especialmente argentina: <strong>Nuestra Se\u00f1ora de Luj\u00e1n<\/strong>, Patrona de la Argentina, a cuyos pies vuelve a colocar espiritualmente a nuestro pueblo.<\/p>\n<p>Con un lenguaje directo y pastoral, el libro busca acompa\u00f1ar el tiempo previo a la visita de <strong>Le\u00f3n XIV, prevista del 8 al 11 de noviembre de 2026<\/strong>, ayudando a que esos d\u00edas puedan ser vividos desde la oraci\u00f3n, la fe y una verdadera disposici\u00f3n interior.<\/p>\n","protected":false},"excerpt":{"rendered":"<p><img decoding=\"async\" src=\"https:\/\/libreriaguadalupe.com.ar\/libreria\/wp-content\/uploads\/2023\/03\/nuevo.png\" alt=\"\" width=\"200\" height=\"125\" \/><\/p>\n<p>Autor: Leonardo Legras<br \/>\nT\u00edtulo: \u00ab\u00a1Argentina Despierta!\u00bb<br \/>\nISBN:978-950-500-994-7<br \/>\nFormato:\u00a0 14 (ancho) x 20 (alto) cms.<br \/>\nInterior: 1\/1 color<br \/>\nPapel: Bookcel 80 grs.<br \/>\nN\u00ba de P\u00e1ginas: 80.<br \/>\nTapa:4 Colores &#8211; Cartulina 300 grs. &#8211; Laminado mate<br \/>\nEncuadernaci\u00f3n: Binder<\/p>\n<p>&nbsp;<\/p>\n<p>&nbsp;<\/p>\n","protected":false},"featured_media":19473,"comment_status":"open","ping_status":"closed","template":"","meta":{"jetpack_publicize_message":"","jetpack_publicize_feature_enabled":true,"jetpack_social_post_already_shared":true,"jetpack_social_options":{"image_generator_settings":{"template":"highway","default_image_id":0,"font":"","enabled":false},"version":2}},"product_brand":[],"product_cat":[125,88,121],"product_tag":[246,127,161],"class_list":["post-19472","product","type-product","status-publish","has-post-thumbnail","product_cat-novedades","product_cat-espiritualidad-cultura-social","product_cat-guadalupe","product_tag-argentina-despierta","product_tag-editorial-guadalupe-de-argentina","product_tag-nuevo-lanzamiento","first","instock","shipping-taxable","purchasable","product-type-simple"],"yoast_head":"<!-- This site is optimized with the Yoast SEO plugin v28.4 - https:\/\/yoast.com\/product\/yoast-seo-wordpress\/ -->\n<title>\u00a1Argentina Despierta!<\/title>\n<meta name=\"description\" content=\"Ante la pr\u00f3xima visita del Santo Padre Le\u00f3n XIV a la Argentina, \u00a1Argentina, despierta! nace como una invitaci\u00f3n a prepararnos para recibir al Sucesor de Pedro con una disposici\u00f3n que vaya m\u00e1s all\u00e1 de la expectativa por un acontecimiento p\u00fablico.\" \/>\n<meta name=\"robots\" content=\"index, follow, max-snippet:-1, max-image-preview:large, max-video-preview:-1\" \/>\n<link rel=\"canonical\" href=\"https:\/\/libreriaguadalupe.com.ar\/libreria\/producto\/argentina-despierta\/\" \/>\n<meta property=\"og:locale\" content=\"es_ES\" \/>\n<meta property=\"og:type\" content=\"article\" \/>\n<meta property=\"og:title\" content=\"\u00a1Argentina Despierta!\" \/>\n<meta property=\"og:description\" content=\"Ante la pr\u00f3xima visita del Santo Padre Le\u00f3n XIV a la Argentina, \u00a1Argentina, despierta! nace como una invitaci\u00f3n a prepararnos para recibir al Sucesor de Pedro con una disposici\u00f3n que vaya m\u00e1s all\u00e1 de la expectativa por un acontecimiento p\u00fablico.\" \/>\n<meta property=\"og:url\" content=\"https:\/\/libreriaguadalupe.com.ar\/libreria\/producto\/argentina-despierta\/\" \/>\n<meta property=\"og:site_name\" content=\"Editorial Guadalupe de Argentina\" \/>\n<meta property=\"article:publisher\" content=\"https:\/\/www.facebook.com\/LibreriaGuadalupeAR\/\" \/>\n<meta property=\"article:modified_time\" content=\"2026-09-04T14:46:27+00:00\" \/>\n<meta property=\"og:image\" content=\"https:\/\/libreriaguadalupe.com.ar\/libreria\/wp-content\/uploads\/2026\/09\/1.png\" \/>\n\t<meta property=\"og:image:width\" content=\"1080\" \/>\n\t<meta property=\"og:image:height\" content=\"1350\" \/>\n\t<meta property=\"og:image:type\" content=\"image\/png\" \/>\n<meta name=\"twitter:card\" content=\"summary_large_image\" \/>\n<meta name=\"twitter:label1\" content=\"Tiempo de lectura\" \/>\n\t<meta name=\"twitter:data1\" content=\"2 minutos\" \/>\n<script type=\"application\/ld+json\" class=\"yoast-schema-graph\">{\"@context\":\"https:\\\/\\\/schema.org\",\"@graph\":[{\"@type\":\"WebPage\",\"@id\":\"https:\\\/\\\/libreriaguadalupe.com.ar\\\/libreria\\\/producto\\\/argentina-despierta\\\/\",\"url\":\"https:\\\/\\\/libreriaguadalupe.com.ar\\\/libreria\\\/producto\\\/argentina-despierta\\\/\",\"name\":\"\u00a1Argentina Despierta!\",\"isPartOf\":{\"@id\":\"https:\\\/\\\/libreriaguadalupe.com.ar\\\/libreria\\\/#website\"},\"primaryImageOfPage\":{\"@id\":\"https:\\\/\\\/libreriaguadalupe.com.ar\\\/libreria\\\/producto\\\/argentina-despierta\\\/#primaryimage\"},\"image\":{\"@id\":\"https:\\\/\\\/libreriaguadalupe.com.ar\\\/libreria\\\/producto\\\/argentina-despierta\\\/#primaryimage\"},\"thumbnailUrl\":\"https:\\\/\\\/i0.wp.com\\\/libreriaguadalupe.com.ar\\\/libreria\\\/wp-content\\\/uploads\\\/2026\\\/09\\\/1.png?fit=1080%2C1350&ssl=1\",\"datePublished\":\"2026-09-04T14:22:22+00:00\",\"dateModified\":\"2026-09-04T14:46:27+00:00\",\"description\":\"Ante la pr\u00f3xima visita del Santo Padre Le\u00f3n XIV a la Argentina, \u00a1Argentina, despierta! nace como una invitaci\u00f3n a prepararnos para recibir al Sucesor de Pedro con una disposici\u00f3n que vaya m\u00e1s all\u00e1 de la expectativa por un acontecimiento p\u00fablico.\",\"breadcrumb\":{\"@id\":\"https:\\\/\\\/libreriaguadalupe.com.ar\\\/libreria\\\/producto\\\/argentina-despierta\\\/#breadcrumb\"},\"inLanguage\":\"es\",\"potentialAction\":[{\"@type\":\"ReadAction\",\"target\":[\"https:\\\/\\\/libreriaguadalupe.com.ar\\\/libreria\\\/producto\\\/argentina-despierta\\\/\"]}]},{\"@type\":\"ImageObject\",\"inLanguage\":\"es\",\"@id\":\"https:\\\/\\\/libreriaguadalupe.com.ar\\\/libreria\\\/producto\\\/argentina-despierta\\\/#primaryimage\",\"url\":\"https:\\\/\\\/i0.wp.com\\\/libreriaguadalupe.com.ar\\\/libreria\\\/wp-content\\\/uploads\\\/2026\\\/09\\\/1.png?fit=1080%2C1350&ssl=1\",\"contentUrl\":\"https:\\\/\\\/i0.wp.com\\\/libreriaguadalupe.com.ar\\\/libreria\\\/wp-content\\\/uploads\\\/2026\\\/09\\\/1.png?fit=1080%2C1350&ssl=1\",\"width\":1080,\"height\":1350},{\"@type\":\"BreadcrumbList\",\"@id\":\"https:\\\/\\\/libreriaguadalupe.com.ar\\\/libreria\\\/producto\\\/argentina-despierta\\\/#breadcrumb\",\"itemListElement\":[{\"@type\":\"ListItem\",\"position\":1,\"name\":\"Portada\",\"item\":\"https:\\\/\\\/libreriaguadalupe.com.ar\\\/libreria\\\/\"},{\"@type\":\"ListItem\",\"position\":2,\"name\":\"Tienda\",\"item\":\"https:\\\/\\\/libreriaguadalupe.com.ar\\\/libreria\\\/\"},{\"@type\":\"ListItem\",\"position\":3,\"name\":\"\u00ab\u00a1Argentina Despierta!\u00bb\"}]},{\"@type\":\"WebSite\",\"@id\":\"https:\\\/\\\/libreriaguadalupe.com.ar\\\/libreria\\\/#website\",\"url\":\"https:\\\/\\\/libreriaguadalupe.com.ar\\\/libreria\\\/\",\"name\":\"Editorial Guadalupe de Argentina\",\"description\":\"Congregaci\u00f3n del Verbo Divino\",\"publisher\":{\"@id\":\"https:\\\/\\\/libreriaguadalupe.com.ar\\\/libreria\\\/#organization\"},\"alternateName\":\"Librer\u00eda Guadalupe\",\"potentialAction\":[{\"@type\":\"SearchAction\",\"target\":{\"@type\":\"EntryPoint\",\"urlTemplate\":\"https:\\\/\\\/libreriaguadalupe.com.ar\\\/libreria\\\/?s={search_term_string}\"},\"query-input\":{\"@type\":\"PropertyValueSpecification\",\"valueRequired\":true,\"valueName\":\"search_term_string\"}}],\"inLanguage\":\"es\"},{\"@type\":\"Organization\",\"@id\":\"https:\\\/\\\/libreriaguadalupe.com.ar\\\/libreria\\\/#organization\",\"name\":\"Editorial Guadalupe\",\"alternateName\":\"Librer\u00eda Guadalupe\",\"url\":\"https:\\\/\\\/libreriaguadalupe.com.ar\\\/libreria\\\/\",\"logo\":{\"@type\":\"ImageObject\",\"inLanguage\":\"es\",\"@id\":\"https:\\\/\\\/libreriaguadalupe.com.ar\\\/libreria\\\/#\\\/schema\\\/logo\\\/image\\\/\",\"url\":\"https:\\\/\\\/i0.wp.com\\\/libreriaguadalupe.com.ar\\\/libreria\\\/wp-content\\\/uploads\\\/2023\\\/01\\\/cropped-logo-editorial-guadalupe.webp?fit=500%2C100&ssl=1\",\"contentUrl\":\"https:\\\/\\\/i0.wp.com\\\/libreriaguadalupe.com.ar\\\/libreria\\\/wp-content\\\/uploads\\\/2023\\\/01\\\/cropped-logo-editorial-guadalupe.webp?fit=500%2C100&ssl=1\",\"width\":500,\"height\":100,\"caption\":\"Editorial Guadalupe\"},\"image\":{\"@id\":\"https:\\\/\\\/libreriaguadalupe.com.ar\\\/libreria\\\/#\\\/schema\\\/logo\\\/image\\\/\"},\"sameAs\":[\"https:\\\/\\\/www.facebook.com\\\/LibreriaGuadalupeAR\\\/\",\"https:\\\/\\\/www.instagram.com\\\/editorialguadalupe\\\/\",\"https:\\\/\\\/guadalupeeditorial.mercadoshops.com.ar\\\/\"]}]}<\/script>\n<!-- \/ Yoast SEO plugin. -->","yoast_head_json":{"title":"\u00a1Argentina Despierta!","description":"Ante la pr\u00f3xima visita del Santo Padre Le\u00f3n XIV a la Argentina, \u00a1Argentina, despierta! nace como una invitaci\u00f3n a prepararnos para recibir al Sucesor de Pedro con una disposici\u00f3n que vaya m\u00e1s all\u00e1 de la expectativa por un acontecimiento p\u00fablico.","robots":{"index":"index","follow":"follow","max-snippet":"max-snippet:-1","max-image-preview":"max-image-preview:large","max-video-preview":"max-video-preview:-1"},"canonical":"https:\/\/libreriaguadalupe.com.ar\/libreria\/producto\/argentina-despierta\/","og_locale":"es_ES","og_type":"article","og_title":"\u00a1Argentina Despierta!","og_description":"Ante la pr\u00f3xima visita del Santo Padre Le\u00f3n XIV a la Argentina, \u00a1Argentina, despierta! nace como una invitaci\u00f3n a prepararnos para recibir al Sucesor de Pedro con una disposici\u00f3n que vaya m\u00e1s all\u00e1 de la expectativa por un acontecimiento p\u00fablico.","og_url":"https:\/\/libreriaguadalupe.com.ar\/libreria\/producto\/argentina-despierta\/","og_site_name":"Editorial Guadalupe de Argentina","article_publisher":"https:\/\/www.facebook.com\/LibreriaGuadalupeAR\/","article_modified_time":"2026-09-04T14:46:27+00:00","og_image":[{"width":1080,"height":1350,"url":"https:\/\/libreriaguadalupe.com.ar\/libreria\/wp-content\/uploads\/2026\/09\/1.png","type":"image\/png"}],"twitter_card":"summary_large_image","twitter_misc":{"Tiempo de lectura":"2 minutos"},"schema":{"@context":"https:\/\/schema.org","@graph":[{"@type":"WebPage","@id":"https:\/\/libreriaguadalupe.com.ar\/libreria\/producto\/argentina-despierta\/","url":"https:\/\/libreriaguadalupe.com.ar\/libreria\/producto\/argentina-despierta\/","name":"\u00a1Argentina Despierta!","isPartOf":{"@id":"https:\/\/libreriaguadalupe.com.ar\/libreria\/#website"},"primaryImageOfPage":{"@id":"https:\/\/libreriaguadalupe.com.ar\/libreria\/producto\/argentina-despierta\/#primaryimage"},"image":{"@id":"https:\/\/libreriaguadalupe.com.ar\/libreria\/producto\/argentina-despierta\/#primaryimage"},"thumbnailUrl":"https:\/\/i0.wp.com\/libreriaguadalupe.com.ar\/libreria\/wp-content\/uploads\/2026\/09\/1.png?fit=1080%2C1350&ssl=1","datePublished":"2026-09-04T14:22:22+00:00","dateModified":"2026-09-04T14:46:27+00:00","description":"Ante la pr\u00f3xima visita del Santo Padre Le\u00f3n XIV a la Argentina, \u00a1Argentina, despierta! nace como una invitaci\u00f3n a prepararnos para recibir al Sucesor de Pedro con una disposici\u00f3n que vaya m\u00e1s all\u00e1 de la expectativa por un acontecimiento p\u00fablico.","breadcrumb":{"@id":"https:\/\/libreriaguadalupe.com.ar\/libreria\/producto\/argentina-despierta\/#breadcrumb"},"inLanguage":"es","potentialAction":[{"@type":"ReadAction","target":["https:\/\/libreriaguadalupe.com.ar\/libreria\/producto\/argentina-despierta\/"]}]},{"@type":"ImageObject","inLanguage":"es","@id":"https:\/\/libreriaguadalupe.com.ar\/libreria\/producto\/argentina-despierta\/#primaryimage","url":"https:\/\/i0.wp.com\/libreriaguadalupe.com.ar\/libreria\/wp-content\/uploads\/2026\/09\/1.png?fit=1080%2C1350&ssl=1","contentUrl":"https:\/\/i0.wp.com\/libreriaguadalupe.com.ar\/libreria\/wp-content\/uploads\/2026\/09\/1.png?fit=1080%2C1350&ssl=1","width":1080,"height":1350},{"@type":"BreadcrumbList","@id":"https:\/\/libreriaguadalupe.com.ar\/libreria\/producto\/argentina-despierta\/#breadcrumb","itemListElement":[{"@type":"ListItem","position":1,"name":"Portada","item":"https:\/\/libreriaguadalupe.com.ar\/libreria\/"},{"@type":"ListItem","position":2,"name":"Tienda","item":"https:\/\/libreriaguadalupe.com.ar\/libreria\/"},{"@type":"ListItem","position":3,"name":"\u00ab\u00a1Argentina Despierta!\u00bb"}]},{"@type":"WebSite","@id":"https:\/\/libreriaguadalupe.com.ar\/libreria\/#website","url":"https:\/\/libreriaguadalupe.com.ar\/libreria\/","name":"Editorial Guadalupe de Argentina","description":"Congregaci\u00f3n del Verbo Divino","publisher":{"@id":"https:\/\/libreriaguadalupe.com.ar\/libreria\/#organization"},"alternateName":"Librer\u00eda Guadalupe","potentialAction":[{"@type":"SearchAction","target":{"@type":"EntryPoint","urlTemplate":"https:\/\/libreriaguadalupe.com.ar\/libreria\/?s={search_term_string}"},"query-input":{"@type":"PropertyValueSpecification","valueRequired":true,"valueName":"search_term_string"}}],"inLanguage":"es"},{"@type":"Organization","@id":"https:\/\/libreriaguadalupe.com.ar\/libreria\/#organization","name":"Editorial Guadalupe","alternateName":"Librer\u00eda Guadalupe","url":"https:\/\/libreriaguadalupe.com.ar\/libreria\/","logo":{"@type":"ImageObject","inLanguage":"es","@id":"https:\/\/libreriaguadalupe.com.ar\/libreria\/#\/schema\/logo\/image\/","url":"https:\/\/i0.wp.com\/libreriaguadalupe.com.ar\/libreria\/wp-content\/uploads\/2023\/01\/cropped-logo-editorial-guadalupe.webp?fit=500%2C100&ssl=1","contentUrl":"https:\/\/i0.wp.com\/libreriaguadalupe.com.ar\/libreria\/wp-content\/uploads\/2023\/01\/cropped-logo-editorial-guadalupe.webp?fit=500%2C100&ssl=1","width":500,"height":100,"caption":"Editorial Guadalupe"},"image":{"@id":"https:\/\/libreriaguadalupe.com.ar\/libreria\/#\/schema\/logo\/image\/"},"sameAs":["https:\/\/www.facebook.com\/LibreriaGuadalupeAR\/","https:\/\/www.instagram.com\/editorialguadalupe\/","https:\/\/guadalupeeditorial.mercadoshops.com.ar\/"]}]}},"jetpack_publicize_connections":[],"jetpack_sharing_enabled":true,"jetpack-related-posts":[{"id":16789,"url":"https:\/\/libreriaguadalupe.com.ar\/libreria\/producto\/arbol-sureno\/","url_meta":{"origin":19472,"position":0},"title":"\u00c1rbol sure\u00f1o","author":"admin","date":"21\/03\/2023","format":false,"excerpt":"Autor: EDUARDO MEANA LAPORTE ISBN: 9505008858 Dimensiones: 15 x 22 cm P\u00e1ginas: 126","rel":"","context":"Entrada similar","block_context":{"text":"Entrada similar","link":""},"img":{"alt_text":"","src":"https:\/\/i0.wp.com\/libreriaguadalupe.com.ar\/libreria\/wp-content\/uploads\/2023\/03\/NOVEDAD-TIENDA-MARZO-4.jpg?fit=470%2C470&ssl=1&resize=350%2C200","width":350,"height":200},"classes":[]},{"id":17411,"url":"https:\/\/libreriaguadalupe.com.ar\/libreria\/producto\/verdades-que-no-parecen-verdades\/","url_meta":{"origin":19472,"position":1},"title":"Verdades que no parecen verdades","author":"admin","date":"28\/07\/2023","format":false,"excerpt":"La humanidad y sus paradojas. \u00a0 Autor: Gabriel Jorge Castell\u00e1 ISBN: 978-950-500-897-1 Dimensiones: 14 x 21 cm P\u00e1ginas: 318","rel":"","context":"Entrada similar","block_context":{"text":"Entrada similar","link":""},"img":{"alt_text":"","src":"https:\/\/i0.wp.com\/libreriaguadalupe.com.ar\/libreria\/wp-content\/uploads\/2023\/07\/Verdades-que-no-parecen-verdades.png?fit=470%2C712&ssl=1&resize=350%2C200","width":350,"height":200},"classes":[]},{"id":16089,"url":"https:\/\/libreriaguadalupe.com.ar\/libreria\/producto\/el-ecosistema-del-silencio-fertil\/","url_meta":{"origin":19472,"position":2},"title":"El ecosistema del silencio f\u00e9rtil","author":"admin","date":"12\/02\/2023","format":false,"excerpt":"Viaje desde la palabra hacia tu interioridad fecunda AUTOR: EDUARDO MEANA LAPORTE ISBN: 9505008469","rel":"","context":"Entrada similar","block_context":{"text":"Entrada similar","link":""},"img":{"alt_text":"","src":"https:\/\/i0.wp.com\/libreriaguadalupe.com.ar\/libreria\/wp-content\/uploads\/2023\/02\/El-ecosistema-del-silencio-fertil.jpg?fit=800%2C800&ssl=1&resize=350%2C200","width":350,"height":200,"srcset":"https:\/\/i0.wp.com\/libreriaguadalupe.com.ar\/libreria\/wp-content\/uploads\/2023\/02\/El-ecosistema-del-silencio-fertil.jpg?fit=800%2C800&ssl=1&resize=350%2C200 1x, https:\/\/i0.wp.com\/libreriaguadalupe.com.ar\/libreria\/wp-content\/uploads\/2023\/02\/El-ecosistema-del-silencio-fertil.jpg?fit=800%2C800&ssl=1&resize=525%2C300 1.5x, https:\/\/i0.wp.com\/libreriaguadalupe.com.ar\/libreria\/wp-content\/uploads\/2023\/02\/El-ecosistema-del-silencio-fertil.jpg?fit=800%2C800&ssl=1&resize=700%2C400 2x"},"classes":[]},{"id":16741,"url":"https:\/\/libreriaguadalupe.com.ar\/libreria\/producto\/benito-la-mascota-de-san-jose\/","url_meta":{"origin":19472,"position":3},"title":"Benito, la mascota de San Jos\u00e9","author":"admin","date":"19\/03\/2023","format":false,"excerpt":"ISBN: 9505008322 Autora: Norma Alverte P\u00e1ginas: 26 Medidas: 16 x 24 cm","rel":"","context":"Entrada similar","block_context":{"text":"Entrada similar","link":""},"img":{"alt_text":"","src":"https:\/\/i0.wp.com\/libreriaguadalupe.com.ar\/libreria\/wp-content\/uploads\/2023\/03\/BENITO-La-mascota-de-San-Jose.jpg?fit=552%2C500&ssl=1&resize=350%2C200","width":350,"height":200,"srcset":"https:\/\/i0.wp.com\/libreriaguadalupe.com.ar\/libreria\/wp-content\/uploads\/2023\/03\/BENITO-La-mascota-de-San-Jose.jpg?fit=552%2C500&ssl=1&resize=350%2C200 1x, https:\/\/i0.wp.com\/libreriaguadalupe.com.ar\/libreria\/wp-content\/uploads\/2023\/03\/BENITO-La-mascota-de-San-Jose.jpg?fit=552%2C500&ssl=1&resize=525%2C300 1.5x"},"classes":[]},{"id":14927,"url":"https:\/\/libreriaguadalupe.com.ar\/libreria\/producto\/los-obispos-argentinos-en-el-cvii-2\/","url_meta":{"origin":19472,"position":4},"title":"Los Obispos Argentinos en el Concilio Vaticano II","author":"admin","date":"07\/02\/2023","format":false,"excerpt":"LOS OBISPOS ARGENTINOS EN EL CONCILIO VATICANO II AUTOR: Luis Liberti ISBN:\u00a09876403863","rel":"","context":"Entrada similar","block_context":{"text":"Entrada similar","link":""},"img":{"alt_text":"","src":"https:\/\/i0.wp.com\/libreriaguadalupe.com.ar\/libreria\/wp-content\/uploads\/1674\/33\/472.jpg?fit=392%2C584&ssl=1&resize=350%2C200","width":350,"height":200},"classes":[]},{"id":18966,"url":"https:\/\/libreriaguadalupe.com.ar\/libreria\/producto\/itinerario-catequistico-permanente-en-argentina\/","url_meta":{"origin":19472,"position":5},"title":"Itinerario Catequ\u00edstico Permanente en Argentina","author":"Mariano Zuqui","date":"19\/06\/2025","format":false,"excerpt":"\u00a0 Autor: Marcelo Javier Franchini T\u00edtulo: \"Itinerario Catequ\u00edstico Permanente en Argentina\" ISBN:978-950-500-946-6 Formato: 15.5\u00a0 (ancho) x 22.5 (alto) cms. Interior: 1\/1 color Papel: Bookcel 80 grs. N\u00ba de P\u00e1ginas: 376 Tapa:4 Colores - Cartulina 512 grs -laminado mate Encuadernaci\u00f3n: Binder \u00a0 \u00a0","rel":"","context":"Entrada similar","block_context":{"text":"Entrada similar","link":""},"img":{"alt_text":"itinerario catequ\u00edstico permanente en Argentina","src":"https:\/\/i0.wp.com\/libreriaguadalupe.com.ar\/libreria\/wp-content\/uploads\/2025\/06\/1-4.png?fit=945%2C1181&ssl=1&resize=350%2C200","width":350,"height":200,"srcset":"https:\/\/i0.wp.com\/libreriaguadalupe.com.ar\/libreria\/wp-content\/uploads\/2025\/06\/1-4.png?fit=945%2C1181&ssl=1&resize=350%2C200 1x, https:\/\/i0.wp.com\/libreriaguadalupe.com.ar\/libreria\/wp-content\/uploads\/2025\/06\/1-4.png?fit=945%2C1181&ssl=1&resize=525%2C300 1.5x, https:\/\/i0.wp.com\/libreriaguadalupe.com.ar\/libreria\/wp-content\/uploads\/2025\/06\/1-4.png?fit=945%2C1181&ssl=1&resize=700%2C400 2x"},"classes":[]}],"_links":{"self":[{"href":"https:\/\/libreriaguadalupe.com.ar\/libreria\/wp-json\/wp\/v2\/product\/19472","targetHints":{"allow":["GET"]}}],"collection":[{"href":"https:\/\/libreriaguadalupe.com.ar\/libreria\/wp-json\/wp\/v2\/product"}],"about":[{"href":"https:\/\/libreriaguadalupe.com.ar\/libreria\/wp-json\/wp\/v2\/types\/product"}],"replies":[{"embeddable":true,"href":"https:\/\/libreriaguadalupe.com.ar\/libreria\/wp-json\/wp\/v2\/comments?post=19472"}],"version-history":[{"count":2,"href":"https:\/\/libreriaguadalupe.com.ar\/libreria\/wp-json\/wp\/v2\/product\/19472\/revisions"}],"predecessor-version":[{"id":19476,"href":"https:\/\/libreriaguadalupe.com.ar\/libreria\/wp-json\/wp\/v2\/product\/19472\/revisions\/19476"}],"wp:featuredmedia":[{"embeddable":true,"href":"https:\/\/libreriaguadalupe.com.ar\/libreria\/wp-json\/wp\/v2\/media\/19473"}],"wp:attachment":[{"href":"https:\/\/libreriaguadalupe.com.ar\/libreria\/wp-json\/wp\/v2\/media?parent=19472"}],"wp:term":[{"taxonomy":"product_brand","embeddable":true,"href":"https:\/\/libreriaguadalupe.com.ar\/libreria\/wp-json\/wp\/v2\/product_brand?post=19472"},{"taxonomy":"product_cat","embeddable":true,"href":"https:\/\/libreriaguadalupe.com.ar\/libreria\/wp-json\/wp\/v2\/product_cat?post=19472"},{"taxonomy":"product_tag","embeddable":true,"href":"https:\/\/libreriaguadalupe.com.ar\/libreria\/wp-json\/wp\/v2\/product_tag?post=19472"}],"curies":[{"name":"wp","href":"https:\/\/api.w.org\/{rel}","templated":true}]}}